{"id":2474,"date":"2024-06-12T14:30:57","date_gmt":"2024-06-12T12:30:57","guid":{"rendered":"https:\/\/velo-pdl.fr\/?page_id=2474"},"modified":"2026-03-03T15:36:14","modified_gmt":"2026-03-03T14:36:14","slug":"se-former","status":"publish","type":"page","link":"https:\/\/velo-pdl.fr\/index.php\/se-former\/","title":{"rendered":"Se former"},"content":{"rendered":"<p>Pour se former aux enjeux du d\u00e9veloppement de la pratique cycliste, de nombreuses solutions\u00a0existent.<\/p>\n<div id=\"ez-toc-container\" class=\"ez-toc-v2_0_80 counter-hierarchy ez-toc-counter ez-toc-grey ez-toc-container-direction\">\n<div class=\"ez-toc-title-container\">\n<p class=\"ez-toc-title\" style=\"cursor:inherit\">Table des mati\u00e8res<\/p>\n<span class=\"ez-toc-title-toggle\"><a href=\"#\" class=\"ez-toc-pull-right ez-toc-btn ez-toc-btn-xs ez-toc-btn-default ez-toc-toggle\" aria-label=\"Toggle Table of Content\"><span class=\"ez-toc-js-icon-con\"><span class=\"\"><span class=\"eztoc-hide\" style=\"display:none;\">Toggle<\/span><span class=\"ez-toc-icon-toggle-span\"><svg style=\"fill: #999;color:#999\" xmlns=\"http:\/\/www.w3.org\/2000\/svg\" class=\"list-377408\" width=\"20px\" height=\"20px\" viewBox=\"0 0 24 24\" fill=\"none\"><path d=\"M6 6H4v2h2V6zm14 0H8v2h12V6zM4 11h2v2H4v-2zm16 0H8v2h12v-2zM4 16h2v2H4v-2zm16 0H8v2h12v-2z\" fill=\"currentColor\"><\/path><\/svg><svg style=\"fill: #999;color:#999\" class=\"arrow-unsorted-368013\" xmlns=\"http:\/\/www.w3.org\/2000\/svg\" width=\"10px\" height=\"10px\" viewBox=\"0 0 24 24\" version=\"1.2\" baseProfile=\"tiny\"><path d=\"M18.2 9.3l-6.2-6.3-6.2 6.3c-.2.2-.3.4-.3.7s.1.5.3.7c.2.2.4.3.7.3h11c.3 0 .5-.1.7-.3.2-.2.3-.5.3-.7s-.1-.5-.3-.7zM5.8 14.7l6.2 6.3 6.2-6.3c.2-.2.3-.5.3-.7s-.1-.5-.3-.7c-.2-.2-.4-.3-.7-.3h-11c-.3 0-.5.1-.7.3-.2.2-.3.5-.3.7s.1.5.3.7z\"\/><\/svg><\/span><\/span><\/span><\/a><\/span><\/div>\n<nav><ul class='ez-toc-list ez-toc-list-level-1 ' ><li class='ez-toc-page-1 ez-toc-heading-level-3'><a class=\"ez-toc-link ez-toc-heading-1\" href=\"https:\/\/velo-pdl.fr\/index.php\/se-former\/#Les_formations_de_lADMA\" >Les formations de l&rsquo;ADMA<\/a><\/li><li class='ez-toc-page-1 ez-toc-heading-level-3'><a class=\"ez-toc-link ez-toc-heading-2\" href=\"https:\/\/velo-pdl.fr\/index.php\/se-former\/#Les_formations_de_lADEME\" >Les formations de l&rsquo;ADEME<\/a><\/li><li class='ez-toc-page-1 ez-toc-heading-level-3'><a class=\"ez-toc-link ez-toc-heading-3\" href=\"https:\/\/velo-pdl.fr\/index.php\/se-former\/#Les_webinaires_de_la_FUB\" >Les webinaires de la FUB<\/a><\/li><li class='ez-toc-page-1 ez-toc-heading-level-3'><a class=\"ez-toc-link ez-toc-heading-4\" href=\"https:\/\/velo-pdl.fr\/index.php\/se-former\/#Les_formations_IMV\" >Les formations IMV<\/a><\/li><li class='ez-toc-page-1 ez-toc-heading-level-3'><a class=\"ez-toc-link ez-toc-heading-5\" href=\"https:\/\/velo-pdl.fr\/index.php\/se-former\/#Les_formations_du_Collectif_Velo_Pays_de_la_Loire\" >Les formations du Collectif V\u00e9lo Pays de la Loire<\/a><\/li><\/ul><\/nav><\/div>\n<h3><span class=\"ez-toc-section\" id=\"Les_formations_de_lADMA\"><\/span><strong>Les formations de l&rsquo;ADMA<\/strong><span class=\"ez-toc-section-end\"><\/span><\/h3>\n<p>L\u2019Acad\u00e9mie Des Mobilit\u00e9s Actives (ADMA ) propose une vingtaine de formation pour acqu\u00e9rir des comp\u00e9tences selon 4 parcours propos\u00e9s :<\/p>\n<ul>\n<li>Apaisement et requalification de l\u2019espace public<\/li>\n<li>Convaincre, concerter, collaborer<\/li>\n<li>Voirie cyclable et marchable<\/li>\n<li>Milieu rural<\/li>\n<\/ul>\n<p>Ces formations se font en pr\u00e9sentiels ou en ligne, et peuvent \u00eatre suivies ind\u00e9pendamment.<br \/>\nCes formations sont <strong>gratuites<\/strong>, et<strong> accessibles \u00e0 toutes et tous <\/strong>( b\u00e9n\u00e9voles d&rsquo;association, agents de collectivit\u00e9s, \u00e9lus, et toute personne int\u00e9ress\u00e9e par le sujet), sans pr\u00e9-requis de connaissances sur le sujet. <a href=\"https:\/\/www.mobilites-actives.fr\/formations\">https:\/\/www.mobilites-actives.fr\/formations<\/a><\/p>\n<h3><span class=\"ez-toc-section\" id=\"Les_formations_de_lADEME\"><\/span><strong>Les formations de l&rsquo;ADEME<\/strong><span class=\"ez-toc-section-end\"><\/span><\/h3>\n<p>L&rsquo; ADEME propose des formations <strong>gratuites<\/strong> et ouvertes \u00e0 toutes et tous, pour acqu\u00e9rir des comp\u00e9tences au sujet du changement de pratique<\/p>\n<p><a href=\"https:\/\/formations.ademe.fr\/recherche-de-formation.html?stab=0&amp;start=0&amp;folid=26&amp;search=&amp;theme=65&amp;reseau[]=&amp;\">https:\/\/formations.ademe.fr\/recherche-de-formation.html?stab=0&amp;start=0&amp;folid=26&amp;search=&amp;theme=65&amp;reseau[]=&amp;<\/a><\/p>\n<h3><span class=\"ez-toc-section\" id=\"Les_webinaires_de_la_FUB\"><\/span><strong>Les webinaires de la FUB<\/strong><span class=\"ez-toc-section-end\"><\/span><\/h3>\n<p>La FUB met \u00e0 disposition de toutes et tous les supports de pr\u00e9sentation, et les replays de ces webinaires th\u00e9matiques.<br \/>\nLes webinaires propos\u00e9s balayent une palette large de th\u00e9matiques li\u00e9es au v\u00e9lo: Plaidoyer, communication, vie associative, \u00e9galit\u00e9 femmes &#8211; hommes &#8230;<\/p>\n<p><a href=\"https:\/\/www.fub.fr\/fub\/actualites\/temps-echange-webinaires-reserve-reseau-fub\">https:\/\/www.fub.fr\/fub\/actualites\/temps-echange-webinaires-reserve-reseau-fub<\/a><\/p>\n<h3><span class=\"ez-toc-section\" id=\"Les_formations_IMV\"><\/span><strong>Les formations IMV<\/strong><span class=\"ez-toc-section-end\"><\/span><\/h3>\n<p>Pour les personnes salari\u00e9es et les b\u00e9n\u00e9voles, la formation IMV permet d\u2019acqu\u00e9rir les comp\u00e9tences d\u2019accueil, d\u2019initiation, d\u2019accompagnement et de conseil aupr\u00e8s de diff\u00e9rents publics dans leurs d\u00e9placements \u00e0 v\u00e9lo.<\/p>\n<p>Pour les associations membres du collectif, le collectif prend en charge les frais p\u00e9dagogiques des b\u00e9n\u00e9voles souhaitant suivre la formation, sous certaines conditions, lorsque la formation a lieu en Pays de la Loire.<\/p>\n<p>Les crit\u00e8res pour pr\u00e9tendre \u00e0 une prise en charge sont les suivants, notamment lorsqu&rsquo;un arbitrage est n\u00e9cessaire entre plusieurs candidatures :<\/p>\n<ul>\n<li>Pertinence dans le projet de l\u2019association qui pr\u00e9sente une personne \u00e0 la formation, notamment en terme de projet d\u2019ouverture ou de relance de v\u00e9lo-\u00e9cole. Il peut \u00eatre demand\u00e9 \u00e0 l\u2019association de motiver son projet et son calendrier.<\/li>\n<li>L\u2019\u00e9quilibre entre les territoires et entre les d\u00e9partements.<\/li>\n<li>L\u2019\u00e9galit\u00e9 entre les associations afin que toutes puissent b\u00e9n\u00e9ficier de cette prise en charge.<\/li>\n<li>L&rsquo;engagement de la personne qui suit la formation, dans l&rsquo;ann\u00e9e suivant la formation, a minima, dans l&rsquo;association membre du collectif.<\/li>\n<li>Le budget que le collectif peut d\u00e9dier \u00e0 ces frais p\u00e9dagogiques.Lorsque cela est possible, la prise en charge peut concerner plusieurs personnes pour la m\u00eame association lors d\u2019une m\u00eame formation ou sur une m\u00eame ann\u00e9e.<\/li>\n<\/ul>\n<p><strong>Modalit\u00e9s de demande de prise en charge des frais p\u00e9dagogiques :<\/strong><\/p>\n<p>Chaque ann\u00e9e, le collectif transmet en d\u00e9but d&rsquo;ann\u00e9e un calendrier de candidatures et de r\u00e9ponse. Au del\u00e0 de cette date, aucun dossier de demande de prise en charge ne sera pris en compte, dans une logique d&rsquo;\u00e9quit\u00e9 entre les structures et de besoin de visibilit\u00e9 sur le budget du collectif.<br \/>\nLa d\u00e9cision est prise par les membres du comit\u00e9 d&rsquo;animation qui ne sont pas concern\u00e9s par une demande de prise en charge ou l&rsquo;accueil d&rsquo;une formation IMV.<br \/>\nLa demande peut se faire par simple mail. Elle doit comporter une rapide explication du projet de l&rsquo;association et du besoin, le lieu et dates choisis pour la formation.<br \/>\nA noter : Chaque demande de prise en charge est rattach\u00e9e \u00e0 une structure qui dispense la formation et a une date de formation (en cas de changement de formation, c&rsquo;est un nouveau dossier de demande de prise en charge qui doit \u00eatre d\u00e9pos\u00e9).<\/p>\n<p><strong>Attention :<\/strong><\/p>\n<p>La demande de prise en charge ne vaut pas inscription \u00e0 la formation. Chaque structure est responsable de ses inscriptions.<br \/>\nmerci de mettre le collectif en copie de votre inscription pour un meilleur suivi.<br \/>\nnous vous demandons de respecter les process d&rsquo;inscription des structures qui dispensent la formation : la prise en charge par le collectif des frais p\u00e9dagogiques n&rsquo;exon\u00e8re pas du respect des proc\u00e9dures.<br \/>\nl&rsquo;organisation d&rsquo;une formation est lourde et les structures ont besoin de visibilit\u00e9, notamment pour assurer un minimum d&rsquo;inscriptions n\u00e9cessaire \u00e0 l&rsquo;\u00e9quilibre budg\u00e9taire et au paiement des salaires. Nous vous demandons de ne vous inscrire que lorsque vous \u00eates s\u00fbrs de votre disponibilit\u00e9. Une fois votre inscription et la prise en charge des frais p\u00e9dagogiques valid\u00e9s, il n&rsquo;est plus possible de changer de lieux et dates de formation. En raison de pr\u00e9-r\u00e9servations nombreuses et non honor\u00e9es, le collectif ne prend plus de place en pr\u00e9-r\u00e9servation.<\/p>\n<p>\ud83d\udea8 Dates des prochaines formations IMV en Pays de la Loire \ud83d\udea8<\/p>\n<p><strong>En 2026 \u00e0 Angers : <\/strong><a href=\"https:\/\/placeauveloangers.fr\/formation-imv\/\">Plus d&rsquo;infos sur le site de PAV Angers<\/a><strong><br \/>\nEn 2026 \u00e0 Nantes <\/strong><a href=\"https:\/\/placeauvelo-nantes.fr\/formation-initiateur-trice-mobilite-a-velo\/\">Plus d&rsquo;infos sur le site de PAV Nantes<\/a><\/p>\n<h3><span class=\"ez-toc-section\" id=\"Les_formations_du_Collectif_Velo_Pays_de_la_Loire\"><\/span><strong>Les formations du Collectif V\u00e9lo Pays de la Loire<\/strong><span class=\"ez-toc-section-end\"><\/span><\/h3>\n<p>Le collectif dispense des formations sur demande.<br \/>\nCes formations ont pour objet :\u00a0 la sensibilisation et la compr\u00e9hensions\u00a0 aux enjeux de la cyclabilit\u00e9 des \u00e9v\u00e8nements, l&rsquo;accompagnement des agents de collectivit\u00e9s dans la prise en compte des avis des personnes cyclistes dans l&rsquo;\u00e9laboration de leur projets.<br \/>\nNotre expertise des sujets li\u00e9es \u00e0 la pratique et aux usages du v\u00e9los quotidien, les freins et leviers \u00e0 son d\u00e9veloppement, du mod\u00e8le associatif, et plus largement de l&rsquo;\u00e9co-syt\u00e8me v\u00e9lo, nous permettent \u00e9galement d&rsquo;imaginer d&rsquo;autres formations.<\/p>\n<p><a href=\"maitlo:contact@velo-pdl.fr\">Nous contacter<\/a> pour toute demande de renseignement.<\/p>\n","protected":false},"excerpt":{"rendered":"<p>Pour se former aux enjeux du d\u00e9veloppement de la pratique cycliste, de nombreuses solutions\u00a0existent. Les formations de l&rsquo;ADMA L\u2019Acad\u00e9mie Des Mobilit\u00e9s Actives (ADMA ) propose une vingtaine de formation pour [&hellip;]<\/p>\n","protected":false},"author":6,"featured_media":0,"parent":0,"menu_order":0,"comment_status":"closed","ping_status":"closed","template":"","meta":{"footnotes":""},"class_list":["post-2474","page","type-page","status-publish","hentry"],"_links":{"self":[{"href":"https:\/\/velo-pdl.fr\/index.php\/wp-json\/wp\/v2\/pages\/2474","targetHints":{"allow":["GET"]}}],"collection":[{"href":"https:\/\/velo-pdl.fr\/index.php\/wp-json\/wp\/v2\/pages"}],"about":[{"href":"https:\/\/velo-pdl.fr\/index.php\/wp-json\/wp\/v2\/types\/page"}],"author":[{"embeddable":true,"href":"https:\/\/velo-pdl.fr\/index.php\/wp-json\/wp\/v2\/users\/6"}],"replies":[{"embeddable":true,"href":"https:\/\/velo-pdl.fr\/index.php\/wp-json\/wp\/v2\/comments?post=2474"}],"version-history":[{"count":24,"href":"https:\/\/velo-pdl.fr\/index.php\/wp-json\/wp\/v2\/pages\/2474\/revisions"}],"predecessor-version":[{"id":4388,"href":"https:\/\/velo-pdl.fr\/index.php\/wp-json\/wp\/v2\/pages\/2474\/revisions\/4388"}],"wp:attachment":[{"href":"https:\/\/velo-pdl.fr\/index.php\/wp-json\/wp\/v2\/media?parent=2474"}],"curies":[{"name":"wp","href":"https:\/\/api.w.org\/{rel}","templated":true}]}}