{"id":2445,"date":"2024-05-31T16:16:39","date_gmt":"2024-05-31T14:16:39","guid":{"rendered":"https:\/\/velo-pdl.fr\/?page_id=2445"},"modified":"2025-04-23T15:20:24","modified_gmt":"2025-04-23T13:20:24","slug":"nos-statuts","status":"publish","type":"page","link":"https:\/\/velo-pdl.fr\/index.php\/nos-statuts\/","title":{"rendered":"Gouvernance &#038; statuts"},"content":{"rendered":"<div id=\"ez-toc-container\" class=\"ez-toc-v2_0_80 counter-hierarchy ez-toc-counter ez-toc-grey ez-toc-container-direction\">\n<div class=\"ez-toc-title-container\">\n<p class=\"ez-toc-title\" style=\"cursor:inherit\">Table des mati\u00e8res<\/p>\n<span class=\"ez-toc-title-toggle\"><a href=\"#\" class=\"ez-toc-pull-right ez-toc-btn ez-toc-btn-xs ez-toc-btn-default ez-toc-toggle\" aria-label=\"Toggle Table of Content\"><span class=\"ez-toc-js-icon-con\"><span class=\"\"><span class=\"eztoc-hide\" style=\"display:none;\">Toggle<\/span><span class=\"ez-toc-icon-toggle-span\"><svg style=\"fill: #999;color:#999\" xmlns=\"http:\/\/www.w3.org\/2000\/svg\" class=\"list-377408\" width=\"20px\" height=\"20px\" viewBox=\"0 0 24 24\" fill=\"none\"><path d=\"M6 6H4v2h2V6zm14 0H8v2h12V6zM4 11h2v2H4v-2zm16 0H8v2h12v-2zM4 16h2v2H4v-2zm16 0H8v2h12v-2z\" fill=\"currentColor\"><\/path><\/svg><svg style=\"fill: #999;color:#999\" class=\"arrow-unsorted-368013\" xmlns=\"http:\/\/www.w3.org\/2000\/svg\" width=\"10px\" height=\"10px\" viewBox=\"0 0 24 24\" version=\"1.2\" baseProfile=\"tiny\"><path d=\"M18.2 9.3l-6.2-6.3-6.2 6.3c-.2.2-.3.4-.3.7s.1.5.3.7c.2.2.4.3.7.3h11c.3 0 .5-.1.7-.3.2-.2.3-.5.3-.7s-.1-.5-.3-.7zM5.8 14.7l6.2 6.3 6.2-6.3c.2-.2.3-.5.3-.7s-.1-.5-.3-.7c-.2-.2-.4-.3-.7-.3h-11c-.3 0-.5.1-.7.3-.2.2-.3.5-.3.7s.1.5.3.7z\"\/><\/svg><\/span><\/span><\/span><\/a><\/span><\/div>\n<nav><ul class='ez-toc-list ez-toc-list-level-1 ' ><li class='ez-toc-page-1 ez-toc-heading-level-2'><a class=\"ez-toc-link ez-toc-heading-1\" href=\"https:\/\/velo-pdl.fr\/index.php\/nos-statuts\/#Gouvernance\" >Gouvernance<\/a><ul class='ez-toc-list-level-3' ><li class='ez-toc-heading-level-3'><a class=\"ez-toc-link ez-toc-heading-2\" href=\"https:\/\/velo-pdl.fr\/index.php\/nos-statuts\/#_Un_comite_danimation_collegial\" >\u00a0 \u00a0 \u00a0 \u00a0 \u00a0 \u00a0 \u00a0 \u00a0 \u00a0 \u00a0 \u00a0 Un comit\u00e9 d&rsquo;animation coll\u00e9gial<\/a><\/li><li class='ez-toc-page-1 ez-toc-heading-level-3'><a class=\"ez-toc-link ez-toc-heading-3\" href=\"https:\/\/velo-pdl.fr\/index.php\/nos-statuts\/#_Un_bureau_en_co-presidence\" >\u00a0 \u00a0 \u00a0 \u00a0 \u00a0 \u00a0 \u00a0 \u00a0 \u00a0 \u00a0 \u00a0 Un bureau en co-pr\u00e9sidence<\/a><\/li><\/ul><\/li><li class='ez-toc-page-1 ez-toc-heading-level-2'><a class=\"ez-toc-link ez-toc-heading-4\" href=\"https:\/\/velo-pdl.fr\/index.php\/nos-statuts\/#Les_statuts_du_Collectif_Velo_Pays_de_la_Loire\" >Les statuts du Collectif V\u00e9lo Pays de la Loire<\/a><\/li><li class='ez-toc-page-1 ez-toc-heading-level-2'><a class=\"ez-toc-link ez-toc-heading-5\" href=\"https:\/\/velo-pdl.fr\/index.php\/nos-statuts\/#Le_reglement_interieur_du_Collectif_Velo_Pays_de_la_Loire\" >Le r\u00e8glement int\u00e9rieur du Collectif V\u00e9lo Pays de la Loire<\/a><\/li><\/ul><\/nav><\/div>\n<h2><span class=\"ez-toc-section\" id=\"Gouvernance\"><\/span><strong>Gouvernance<\/strong><span class=\"ez-toc-section-end\"><\/span><\/h2>\n<p>&nbsp;<\/p>\n<h3><span class=\"ez-toc-section\" id=\"_Un_comite_danimation_collegial\"><\/span>\u00a0 \u00a0 \u00a0 \u00a0 \u00a0 \u00a0 \u00a0 \u00a0 \u00a0 \u00a0 \u00a0 Un comit\u00e9 d&rsquo;animation coll\u00e9gial<span class=\"ez-toc-section-end\"><\/span><\/h3>\n<p>Le collectif est dirig\u00e9 par un comit\u00e9 d&rsquo;animation coll\u00e9gial, constitu\u00e9 de membres \u00e9lus pour un an par l&rsquo;assembl\u00e9e g\u00e9n\u00e9rale.<br \/>\nLes associations membres du CA sont : Place au V\u00e9lo Nantes, Place au V\u00e9lo Angers, AVELOS, et Changeons de Braquet.<br \/>\nLe comit\u00e9 d&rsquo;animation est compl\u00e9t\u00e9 par les associations qui exercent un r\u00f4le d&rsquo;observateur : Cyclamaine &amp;\u00a0 la Solid.<\/p>\n<p>Le comit\u00e9 d&rsquo;animation du collectif se r\u00e9unit au moins trois fois par an, pour d\u00e9cider des moyens d&rsquo;actions \u00e0 mettre en \u0153uvre pour assurer <a href=\"https:\/\/velo-pdl.fr\/index.php\/objectifs-du-collectif\/\">les missions du collectif<\/a>, et ainsi conduire sa politique. La recherche du consensus est toujours privil\u00e9gi\u00e9e pour la prise de d\u00e9cisions.<\/p>\n<h3><\/h3>\n<h3><\/h3>\n<h3><\/h3>\n<h3><span class=\"ez-toc-section\" id=\"_Un_bureau_en_co-presidence\"><\/span>\u00a0 \u00a0 \u00a0 \u00a0 \u00a0 \u00a0 \u00a0 \u00a0 \u00a0 \u00a0 \u00a0 Un bureau en co-pr\u00e9sidence<span class=\"ez-toc-section-end\"><\/span><\/h3>\n<h2><\/h2>\n<p>Le bureau est compos\u00e9 de 2 personnes co-pr\u00e9sidentes, \u00e9lues par le comit\u00e9 d&rsquo;animation :<br \/>\n&#8211; Pierre- Antoine Augereau, \u00e9galement pr\u00e9sident de Place au V\u00e9lo Nantes<br \/>\n&#8211; Nicolas Marty, \u00e9galement pr\u00e9sident Place au v\u00e9lo Angers<\/p>\n<p>Les co-pr\u00e9sidents sont charg\u00e9s de conduire les affaires courantes du collectif et de le repr\u00e9senter. Les co-pr\u00e9sidents ont \u00e9galement la responsabilit\u00e9 employeur des personnes salari\u00e9es au collectif.<\/p>\n<p>&nbsp;<\/p>\n<h2><span class=\"ez-toc-section\" id=\"Les_statuts_du_Collectif_Velo_Pays_de_la_Loire\"><\/span><strong>Les statuts du Collectif V\u00e9lo Pays de la Loire<\/strong><span class=\"ez-toc-section-end\"><\/span><\/h2>\n<p><a href=\"https:\/\/velo-pdl.fr\/wp-content\/uploads\/2024\/07\/Statuts_votes_CollectifVeloPaysdelaLoire_signes-pour-site-web.pdf\">T\u00e9l\u00e9chargez ici les statuts du CVPDL<\/a><\/p>\n<p><a href=\"https:\/\/velo-pdl.fr\/wp-content\/uploads\/2024\/07\/Statuts_votes_CollectifVeloPaysdelaLoire_signes-pour-site-web.pdf\" class=\"pdfemb-viewer\" style=\"\" data-width=\"max\" data-height=\"max\" data-toolbar=\"bottom\" data-toolbar-fixed=\"off\">Statuts_votes_CollectifVeloPaysdelaLoire_signes-pour-site-web<\/a>&gt;<\/p>\n<h2><span class=\"ez-toc-section\" id=\"Le_reglement_interieur_du_Collectif_Velo_Pays_de_la_Loire\"><\/span>Le r\u00e8glement int\u00e9rieur du Collectif V\u00e9lo Pays de la Loire<span class=\"ez-toc-section-end\"><\/span><\/h2>\n<p><a href=\"https:\/\/velo-pdl.fr\/wp-content\/uploads\/2025\/01\/Reglement-Interieur-du-CVPDL-.pdf\">T\u00e9l\u00e9chargez ici le r\u00e8glement int\u00e9rieur du CVPDL<\/a><\/p>\n<a href=\"https:\/\/velo-pdl.fr\/wp-content\/uploads\/2025\/01\/Reglement-Interieur-du-CVPDL-.pdf\" class=\"pdfemb-viewer\" style=\"\" data-width=\"max\" data-height=\"max\" data-toolbar=\"bottom\" data-toolbar-fixed=\"off\">R\u00e9glement Int\u00e9rieur du CVPDL<\/a>\n","protected":false},"excerpt":{"rendered":"<p>Gouvernance &nbsp; \u00a0 \u00a0 \u00a0 \u00a0 \u00a0 \u00a0 \u00a0 \u00a0 \u00a0 \u00a0 \u00a0 Un comit\u00e9 d&rsquo;animation coll\u00e9gial Le collectif est dirig\u00e9 par un comit\u00e9 d&rsquo;animation coll\u00e9gial, constitu\u00e9 de membres \u00e9lus [&hellip;]<\/p>\n","protected":false},"author":1,"featured_media":0,"parent":0,"menu_order":0,"comment_status":"closed","ping_status":"closed","template":"","meta":{"footnotes":""},"class_list":["post-2445","page","type-page","status-publish","hentry"],"_links":{"self":[{"href":"https:\/\/velo-pdl.fr\/index.php\/wp-json\/wp\/v2\/pages\/2445","targetHints":{"allow":["GET"]}}],"collection":[{"href":"https:\/\/velo-pdl.fr\/index.php\/wp-json\/wp\/v2\/pages"}],"about":[{"href":"https:\/\/velo-pdl.fr\/index.php\/wp-json\/wp\/v2\/types\/page"}],"author":[{"embeddable":true,"href":"https:\/\/velo-pdl.fr\/index.php\/wp-json\/wp\/v2\/users\/1"}],"replies":[{"embeddable":true,"href":"https:\/\/velo-pdl.fr\/index.php\/wp-json\/wp\/v2\/comments?post=2445"}],"version-history":[{"count":18,"href":"https:\/\/velo-pdl.fr\/index.php\/wp-json\/wp\/v2\/pages\/2445\/revisions"}],"predecessor-version":[{"id":3045,"href":"https:\/\/velo-pdl.fr\/index.php\/wp-json\/wp\/v2\/pages\/2445\/revisions\/3045"}],"wp:attachment":[{"href":"https:\/\/velo-pdl.fr\/index.php\/wp-json\/wp\/v2\/media?parent=2445"}],"curies":[{"name":"wp","href":"https:\/\/api.w.org\/{rel}","templated":true}]}}